{"id":881,"date":"2020-02-28T07:25:58","date_gmt":"2020-02-28T06:25:58","guid":{"rendered":"http:\/\/migrationplus.ch\/a-propos-de-nous\/"},"modified":"2025-01-22T17:40:50","modified_gmt":"2025-01-22T16:40:50","slug":"a-propos-de-nous","status":"publish","type":"page","link":"https:\/\/migrationplus.ch\/fr\/a-propos-de-nous\/","title":{"rendered":"\u00c0 propos de nous"},"content":{"rendered":"<p><div class=\"fusion-fullwidth fullwidth-box fusion-builder-row-1 fusion-flex-container nonhundred-percent-fullwidth non-hundred-percent-height-scrolling\" style=\"--awb-border-radius-top-left:0px;--awb-border-radius-top-right:0px;--awb-border-radius-bottom-right:0px;--awb-border-radius-bottom-left:0px;--awb-flex-wrap:wrap;\" ><div class=\"fusion-builder-row fusion-row fusion-flex-align-items-flex-start fusion-flex-content-wrap\" style=\"max-width:calc( 1100px + 0px );margin-left: calc(-0px \/ 2 );margin-right: calc(-0px \/ 2 );\"><div class=\"fusion-layout-column fusion_builder_column fusion-builder-column-0 fusion_builder_column_1_1 1_1 fusion-flex-column\" style=\"--awb-bg-size:cover;--awb-width-large:100%;--awb-margin-top-large:0px;--awb-spacing-right-large:0px;--awb-margin-bottom-large:20px;--awb-spacing-left-large:0px;--awb-width-medium:100%;--awb-spacing-right-medium:0px;--awb-spacing-left-medium:0px;--awb-width-small:100%;--awb-spacing-right-small:0px;--awb-spacing-left-small:0px;\"><div class=\"fusion-column-wrapper fusion-column-has-shadow fusion-flex-justify-content-flex-start fusion-content-layout-column\"><div class=\"fusion-title title fusion-title-1 fusion-sep-none fusion-title-text fusion-title-size-one\"><h1 class=\"fusion-title-heading title-heading-left fusion-responsive-typography-calculated\" style=\"margin:0;--fontSize:28;line-height:1.4;\">L\u2019\u00e9nonc\u00e9 de mission de migration:plus<\/h1><\/div><div class=\"fusion-text fusion-text-1\"><p>L&rsquo;association professionnelle migrationplus est une association de salari\u00e9s du secteur de la migration. Nous aidons les migrants \u00e0 s&rsquo;int\u00e9grer dans notre soci\u00e9t\u00e9 et leur fournissons un soutien professionnel pour leur permettre de construire une vie ind\u00e9pendante sur le plan \u00e9conomique et social.<\/p>\n<h4 data-fontsize=\"16\" data-lineheight=\"22\">Notre mission<\/h4>\n<ul>\n<li>Nous encourageons nos membres \u00e0 remplir leur mission d&rsquo;int\u00e9gration sociale des migrants et \u00e0 contribuer ainsi activement \u00e0 une coexistence respectueuse.<\/li>\n<li>Nous aidons \u00e9galement les membres \u00e0 accompagner leurs clients dans une vie \u00e9conomiquement et socialement ind\u00e9pendante, \u00e0 stabiliser ou \u00e0 am\u00e9liorer leur situation.<\/li>\n<\/ul>\n<h4 data-fontsize=\"16\" data-lineheight=\"22\">Notre image de soi<\/h4>\n<ul>\n<li>Nous offrons nos services dans le domaine des conflits entre la soci\u00e9t\u00e9 et la politique.<\/li>\n<li>Notre travail est interdisciplinaire et mis en r\u00e9seau au niveau local, cantonal et national.<\/li>\n<li>Nous sommes une organisation partenaire active et travaillons en collaboration avec les autorit\u00e9s, les bureaux, les institutions, la recherche et la science.<\/li>\n<li>Pour nous, l&rsquo;int\u00e9gration signifie que les migrants acqui\u00e8rent ou conservent leur place dans leur environnement personnel et social et dans le monde du travail.<\/li>\n<li>Nous sommes guid\u00e9s par le code de conduite professionnelle de l&rsquo;association professionnelle suisse du travail social.<\/li>\n<li>Nous sommes d&rsquo;avis que les personnes qui d\u00e9pendent de l&rsquo;aide \u00e9conomique et sociale doivent \u00eatre soutenues de mani\u00e8re uniforme, quel que soit leur statut. Nous sommes guid\u00e9s par les directives cantonales et communales.<\/li>\n<li>Nous travaillons de mani\u00e8re cibl\u00e9e et v\u00e9rifions r\u00e9guli\u00e8rement la r\u00e9alisation des objectifs.<\/li>\n<\/ul>\n<h4 data-fontsize=\"16\" data-lineheight=\"22\">Nos services<\/h4>\n<ul>\n<li>L&rsquo;association professionnelle fournit ses services aux membres qui conseillent et accompagnent les migrants sur une base publique et sans but lucratif, qui sont dans une situation d&rsquo;urgence personnelle, sanitaire ou financi\u00e8re et qui ont besoin d&rsquo;un soutien ou qui demandent des conseils ou un accompagnement \u00e0 leur propre demande.<\/li>\n<li>L&rsquo;association professionnelle fait partie du parrainage de l&rsquo;examen professionnel pour les professionnels de la migration. Sa mission est d&rsquo;assurer la qualit\u00e9 de l&rsquo;examen, de faire conna\u00eetre la profession et de conseiller les personnes int\u00e9ress\u00e9es.<\/li>\n<li>L&rsquo;association professionnelle dispose d&rsquo;un niveau \u00e9lev\u00e9 de connaissances sp\u00e9cialis\u00e9es actualis\u00e9es et transmet ces connaissances \u00e0 ses membres, seule ou en coop\u00e9ration avec des partenaires, par le biais de manifestations sp\u00e9cialis\u00e9es et de cours de formation continue.<\/li>\n<li>Nous coordonnons les int\u00e9r\u00eats de nos membres et les repr\u00e9sentons \u00e0 des niveaux plus \u00e9lev\u00e9s.<\/li>\n<\/ul>\n<h4 data-fontsize=\"16\" data-lineheight=\"22\">Notre culture dans l&rsquo;association<\/h4>\n<p>Nous cultivons le dialogue et communiquons de mani\u00e8re transparente, en temps utile et d&rsquo;une mani\u00e8re adapt\u00e9e au groupe cible. Gr\u00e2ce \u00e0 notre communication ouverte, nous favorisons la compr\u00e9hension du contenu et du contexte de nos activit\u00e9s \u2013 \u00e9galement dans le monde politique et dans le public.<\/p>\n<\/div><\/div><\/div><\/div><\/div><div class=\"fusion-fullwidth fullwidth-box fusion-builder-row-2 fusion-flex-container nonhundred-percent-fullwidth non-hundred-percent-height-scrolling\" style=\"--awb-border-radius-top-left:0px;--awb-border-radius-top-right:0px;--awb-border-radius-bottom-right:0px;--awb-border-radius-bottom-left:0px;--awb-flex-wrap:wrap;\" ><div class=\"fusion-builder-row fusion-row fusion-flex-align-items-flex-start fusion-flex-content-wrap\" style=\"max-width:calc( 1100px + 0px );margin-left: calc(-0px \/ 2 );margin-right: calc(-0px \/ 2 );\"><div class=\"fusion-layout-column fusion_builder_column fusion-builder-column-1 fusion_builder_column_1_1 1_1 fusion-flex-column\" style=\"--awb-bg-size:cover;--awb-width-large:100%;--awb-margin-top-large:0px;--awb-spacing-right-large:0px;--awb-margin-bottom-large:20px;--awb-spacing-left-large:0px;--awb-width-medium:100%;--awb-spacing-right-medium:0px;--awb-spacing-left-medium:0px;--awb-width-small:100%;--awb-spacing-right-small:0px;--awb-spacing-left-small:0px;\"><div class=\"fusion-column-wrapper fusion-column-has-shadow fusion-flex-justify-content-flex-start fusion-content-layout-column\"><div class=\"fusion-title title fusion-title-2 fusion-sep-none fusion-title-text fusion-title-size-one\"><h1 class=\"fusion-title-heading title-heading-left fusion-responsive-typography-calculated\" style=\"margin:0;--fontSize:28;line-height:1.4;\">Conseil d&rsquo;administration et organisation<\/h1><\/div><div class=\"fusion-text fusion-text-2\"><h4 data-fontsize=\"16\" data-lineheight=\"22\">Anna Sutter<\/h4>\n<p>Pr\u00e9sidence &#8211; Secteur Sp\u00e9cialiste de la migration + Organe responsable<br \/>\nDirectrice de d\u00e9partement de la formation continue de <a href=\"https:\/\/www.bfb-bielbienne.ch\/\" target=\"_blank\" rel=\"noopener noreferrer\">BFB Biel-Bienne<\/a><br \/>\nMembre de la Commission d&rsquo;examen des experts f\u00e9d\u00e9raux en mati\u00e8re de migration MFP<br \/>\ne-mail: <a href=\"mailto:anna.sutter@migrationplus.ch\">anna.sutter@migrationplus.ch<\/a><\/p>\n<h4 data-fontsize=\"16\" data-lineheight=\"22\">Simon Stark<\/h4>\n<p>Membre du conseil d&rsquo;administration &#8211; Domaine financier<br \/>\nChef du d\u00e9partement \u00abAsile\u00bb, <a href=\"https:\/\/stadt.winterthur.ch\/gemeinde\/verwaltung\/soziales\/soziale-dienste\/sozialberatung\/abteilung-asyl\">Conseiller social de Winterthur<\/a><br \/>\ne-mail: <a href=\"mailto:simon.stark@migrationplus.ch\">simon.stark@migrationplus.ch<\/a><\/p>\n<h4 data-fontsize=\"16\" data-lineheight=\"22\">Oliver Wilden<\/h4>\n<p>Membre du conseil d&rsquo;administration &#8211; Domaine de site web + back office<br \/>\nDirecteur g\u00e9n\u00e9ral et propri\u00e9taire, <a href=\"http:\/\/www.soziartes.ch\/\" target=\"_blank\" rel=\"noopener noreferrer\">SOZIARTES<\/a> et <a href=\"https:\/\/sowatch.ch\/\" target=\"_blank\" rel=\"noopener noreferrer\">SoWatch GmbH<\/a><br \/>\ne-mail: <a href=\"mailto:oliver.wilden@migrationplus.ch\">oliver.wilden@migrationplus.ch<\/a><\/p>\n<h4 data-fontsize=\"16\" data-lineheight=\"22\">Thierry Possa<\/h4>\n<p>Membre du conseil d&rsquo;administration &#8211; Domaine des membres<br \/>\nSp\u00e9cialiste de l&rsquo;asile, <a href=\"https:\/\/www.sdv-ar.ch\/wp\/\" target=\"_blank\" rel=\"noopener noreferrer\">SD Vorderland AR<\/a><br \/>\ne-mail: <a href=\"mailto:thierry.possa@migrationplus.ch\">thierry.possa@migrationplus.ch<\/a><\/p>\n<h4 data-fontsize=\"16\" data-lineheight=\"22\">Helen Gebert<\/h4>\n<p>Membre du conseil d&rsquo;administration &#8211; Domaine de la communication + Mise en r\u00e9seau<br \/>\nResponsable des services compl\u00e9mentaires aux \u00e9coles, <a href=\"https:\/\/www.phbern.ch\/\" target=\"_blank\" rel=\"noopener noreferrer\">PHBern &#8211; Institut pour la formation continue et l&rsquo;\u00e9ducation aux m\u00e9dias<\/a><br \/>\nSuperviseur et consultant en organisation \u00a0<a href=\"https:\/\/www.bso.ch\/suche-berater-in\/detail\/helen-gebert\/\">BSO<\/a><br \/>\ne-mail: <a href=\"mailto:helen.gebert@migrationplus.ch\">helen.gebert@migrationplus.ch<\/a><\/p>\n<\/div><div class=\"fusion-text fusion-text-3\"><\/div><\/div><\/div><\/div><\/div><div class=\"fusion-fullwidth fullwidth-box fusion-builder-row-3 fusion-flex-container nonhundred-percent-fullwidth non-hundred-percent-height-scrolling\" style=\"--awb-border-radius-top-left:0px;--awb-border-radius-top-right:0px;--awb-border-radius-bottom-right:0px;--awb-border-radius-bottom-left:0px;--awb-flex-wrap:wrap;\" ><div class=\"fusion-builder-row fusion-row fusion-flex-align-items-flex-start fusion-flex-content-wrap\" style=\"max-width:calc( 1100px + 0px );margin-left: calc(-0px \/ 2 );margin-right: calc(-0px \/ 2 );\"><div class=\"fusion-layout-column fusion_builder_column fusion-builder-column-2 fusion_builder_column_1_1 1_1 fusion-flex-column\" style=\"--awb-bg-size:cover;--awb-width-large:100%;--awb-margin-top-large:0px;--awb-spacing-right-large:0px;--awb-margin-bottom-large:20px;--awb-spacing-left-large:0px;--awb-width-medium:100%;--awb-spacing-right-medium:0px;--awb-spacing-left-medium:0px;--awb-width-small:100%;--awb-spacing-right-small:0px;--awb-spacing-left-small:0px;\"><div class=\"fusion-column-wrapper fusion-column-has-shadow fusion-flex-justify-content-flex-start fusion-content-layout-column\"><div class=\"fusion-title title fusion-title-3 fusion-sep-none fusion-title-text fusion-title-size-one\"><h1 class=\"fusion-title-heading title-heading-left fusion-responsive-typography-calculated\" style=\"margin:0;--fontSize:28;line-height:1.4;\">Statuts &#8211; Strat\u00e9gie &#8211; Conditions cadres<\/h1><\/div><div class=\"fusion-text fusion-text-4\"><h5>Vous trouverez ici tous les documents importants tels que les statuts de l&rsquo;association, la strat\u00e9gie et les conditions g\u00e9n\u00e9rales de l&rsquo;association professionnelle migrationplus.<\/h5>\n<ul>\n<li><a href=\"https:\/\/migrationplus.ch\/wp-content\/uploads\/Statuten_Migrationplus.pdf\" target=\"_blank\" rel=\"noopener noreferrer\">Statuts de l&rsquo;association professionnelle migrationplus<\/a><\/li>\n<li><a href=\"https:\/\/migrationplus.ch\/wp-content\/uploads\/Strategie_Migrationplus.pdf\" target=\"_blank\" rel=\"noopener noreferrer\">Strat\u00e9gie de l&rsquo;association professionelle migrationplus<\/a><\/li>\n<li><a href=\"https:\/\/migrationplus.ch\/wp-content\/uploads\/Rahmenbedingungen_Regionen.pdf\" target=\"_blank\" rel=\"noopener noreferrer\">Conditions cadres l&rsquo;association professionelle migrationplus<\/a><\/li>\n<\/ul>\n<p><span style=\"color: #f40707;\"><span style=\"color: #000000;\">Vous avez d&rsquo;autres questions sur notre association professionnelle? Dans ce cas, veuillez nous contacter \u00e0 l&rsquo;adresse suivante <\/span><span style=\"color: #000000;\"><a href=\"mailto:info@migrationplus.ch\">info@migrationplus.ch<\/a><\/span><span style=\"color: #000000;\">.<\/span><\/span><\/p>\n<h5><\/h5>\n<\/div><\/div><\/div><div class=\"fusion-layout-column fusion_builder_column fusion-builder-column-3 fusion_builder_column_1_1 1_1 fusion-flex-column\" style=\"--awb-bg-size:cover;--awb-width-large:100%;--awb-margin-top-large:0px;--awb-spacing-right-large:0px;--awb-margin-bottom-large:20px;--awb-spacing-left-large:0px;--awb-width-medium:100%;--awb-spacing-right-medium:0px;--awb-spacing-left-medium:0px;--awb-width-small:100%;--awb-spacing-right-small:0px;--awb-spacing-left-small:0px;\"><div class=\"fusion-column-wrapper fusion-column-has-shadow fusion-flex-justify-content-flex-start fusion-content-layout-column\"><div class=\"fusion-title title fusion-title-4 fusion-sep-none fusion-title-text fusion-title-size-one\"><h1 class=\"fusion-title-heading title-heading-left fusion-responsive-typography-calculated\" style=\"margin:0;--fontSize:28;line-height:1.4;\">L&rsquo;histoire de l&rsquo;association professionnelle<\/h1><\/div><div class=\"fusion-text fusion-text-5\"><h5>Le 20 juin 2013, l&rsquo;association professionnelle ZAKK et l&rsquo;association PROBAM ont fusionn\u00e9 et ont fond\u00e9 conjointement la nouvelle association professionnelle migrationplus. Son but est d&rsquo;utiliser les synergies et de renforcer conjointement le travail professionnel dans le domaine de la migration en Suisse. Vous pouvez en apprendre davantage sur l&rsquo;historique des deux associations avant la fusion.<\/h5>\n<h6>ZAKK &#8211; Association professionnelle de la Conf\u00e9rence des coordinateurs d&rsquo;asile de Zurich<\/h6>\n<p>La Conf\u00e9rence des coordinateurs en mati\u00e8re d&rsquo;asile de Zurich a \u00e9t\u00e9 fond\u00e9e en 1999 pour soutenir les communes du canton de Zurich dans leurs t\u00e2ches accrues dans le domaine de l&rsquo;asile, en coop\u00e9ration entre elles et avec les autorit\u00e9s sup\u00e9rieures. Les objectifs fondateurs \u00e9taient de fournir des informations sur les questions sp\u00e9cialis\u00e9es et la formation continue ainsi que de sauvegarder et de promouvoir les int\u00e9r\u00eats professionnels communs. Gr\u00e2ce \u00e0 ses conf\u00e9rences annuelles sp\u00e9cialis\u00e9es sur le secteur de la migration, l&rsquo;association a acquis une reconnaissance nationale, en particulier ces derni\u00e8res ann\u00e9es. \u00c0 l&rsquo;occasion du 10e anniversaire et du niveau simultan\u00e9ment le plus bas de nouvelles demandes d&rsquo;asile entrantes, les objectifs de l&rsquo;association devaient \u00eatre revus. Lorsque la discussion politique sur le soutien des personnes admises provisoirement selon les directives du SKOS a commenc\u00e9 dans le canton de Zurich, de nombreux membres ont craint une perte d&rsquo;autonomie. Les objectifs de changement ont \u00e9t\u00e9 d\u00e9finis par \u00e9tapes partielles. Des pr\u00e9cisions ont notamment \u00e9t\u00e9 apport\u00e9es afin de pouvoir engager une coop\u00e9ration avec des associations ou institutions existantes. Ces enqu\u00eates ont montr\u00e9 que l&rsquo;option la plus proche \u00e9tait de fusionner avec l&rsquo;association professionnelle PROBAM, qui se r\u00e9orientait. La d\u00e9l\u00e9gation de la r\u00e9union d&rsquo;Olten a veill\u00e9 \u00e0 ce que les int\u00e9r\u00eats communs soient pr\u00e9sents. Avec les conseils d&rsquo;un conseiller externe, les bases ont \u00e9t\u00e9 jet\u00e9es pour la fusion et la refondation de migrationplus.<\/p>\n<h6>PROBAM &#8211; Association pour la formation professionnelle Asile et migration<\/h6>\n<p>L&rsquo;association PROBAM &#8211; pro Berufsausbildung Asyl und Migration a \u00e9t\u00e9 fond\u00e9e en d\u00e9cembre 2002 avec l&rsquo;intention de cr\u00e9er une profession reconnue au niveau f\u00e9d\u00e9ral dans le secteur de l&rsquo;asile et de la migration. Les initiateurs se sont inspir\u00e9s du m\u00e9moire de dipl\u00f4me d&rsquo;Anna Sutter \u00e0 l&rsquo;Universit\u00e9 des sciences appliqu\u00e9es d&rsquo;Argovie (1999) avec la question suivante : \u00ab\u00a0Une formation sp\u00e9cifique est-elle n\u00e9cessaire pour la prise en charge des demandeurs d&rsquo;asile ? \u00c0 cette fin, le groupe de projet a men\u00e9 une enqu\u00eate dans les cantons de Berne et des Grisons sur la n\u00e9cessit\u00e9 d&rsquo;une profession reconnue dans le secteur de la migration (2001). PROBAM, en collaboration avec l&rsquo;ODM, a pris en charge le parrainage, a r\u00e9dig\u00e9 un r\u00e8glement d&rsquo;examen et a d\u00e9pos\u00e9 en 2004 une demande de reconnaissance d&rsquo;un examen professionnel aupr\u00e8s de l&rsquo;Office f\u00e9d\u00e9ral de la formation professionnelle et de la technologie. L&rsquo;introduction de la nouvelle loi sur la formation professionnelle en 2005 a entra\u00een\u00e9 des retards, en cons\u00e9quence de quoi la profession de MFP sp\u00e9cialiste des migrations reconnu au niveau f\u00e9d\u00e9ral n&rsquo;a pas \u00e9t\u00e9 approuv\u00e9e avant 2007. Le premier examen professionnel a eu lieu en 2009 et, depuis lors, il se tient chaque ann\u00e9e en mai. Plus de 100 personnes sont d\u00e9j\u00e0 titulaires de la carte professionnelle f\u00e9d\u00e9rale d&rsquo;expert en migration. La profession est de plus en plus connue. PROBAM a fond\u00e9 et accompagn\u00e9 la profession, assure la qualit\u00e9 et l&rsquo;actualit\u00e9 en tant que sponsor et est repr\u00e9sent\u00e9 \u00e0 la fois dans la commission d&rsquo;examen et par des experts. La fusion de ZAKK et de PROBAM permettra un meilleur ancrage et promet de la croissance et davantage de ressources pour d\u00e9velopper davantage le travail professionnel dans le domaine de la migration.<\/p>\n<\/div><\/div><\/div><\/div><\/div><\/p>\n","protected":false},"excerpt":{"rendered":"","protected":false},"author":1,"featured_media":0,"parent":0,"menu_order":11,"comment_status":"closed","ping_status":"closed","template":"","meta":{"footnotes":""},"class_list":["post-881","page","type-page","status-publish","hentry"],"_links":{"self":[{"href":"https:\/\/migrationplus.ch\/fr\/wp-json\/wp\/v2\/pages\/881","targetHints":{"allow":["GET"]}}],"collection":[{"href":"https:\/\/migrationplus.ch\/fr\/wp-json\/wp\/v2\/pages"}],"about":[{"href":"https:\/\/migrationplus.ch\/fr\/wp-json\/wp\/v2\/types\/page"}],"author":[{"embeddable":true,"href":"https:\/\/migrationplus.ch\/fr\/wp-json\/wp\/v2\/users\/1"}],"replies":[{"embeddable":true,"href":"https:\/\/migrationplus.ch\/fr\/wp-json\/wp\/v2\/comments?post=881"}],"version-history":[{"count":10,"href":"https:\/\/migrationplus.ch\/fr\/wp-json\/wp\/v2\/pages\/881\/revisions"}],"predecessor-version":[{"id":1658,"href":"https:\/\/migrationplus.ch\/fr\/wp-json\/wp\/v2\/pages\/881\/revisions\/1658"}],"wp:attachment":[{"href":"https:\/\/migrationplus.ch\/fr\/wp-json\/wp\/v2\/media?parent=881"}],"curies":[{"name":"wp","href":"https:\/\/api.w.org\/{rel}","templated":true}]}}