{"id":863,"date":"2020-02-26T19:11:40","date_gmt":"2020-02-26T18:11:40","guid":{"rendered":"http:\/\/migrationplus.ch\/actuel\/"},"modified":"2025-01-22T17:40:05","modified_gmt":"2025-01-22T16:40:05","slug":"actuel","status":"publish","type":"page","link":"https:\/\/migrationplus.ch\/fr\/actuel\/","title":{"rendered":"Actuel"},"content":{"rendered":"<p><div class=\"fusion-fullwidth fullwidth-box fusion-builder-row-1 fusion-flex-container nonhundred-percent-fullwidth non-hundred-percent-height-scrolling\" style=\"--awb-border-radius-top-left:0px;--awb-border-radius-top-right:0px;--awb-border-radius-bottom-right:0px;--awb-border-radius-bottom-left:0px;--awb-flex-wrap:wrap;\" ><div class=\"fusion-builder-row fusion-row fusion-flex-align-items-flex-start fusion-flex-content-wrap\" style=\"max-width:calc( 1100px + 0px );margin-left: calc(-0px \/ 2 );margin-right: calc(-0px \/ 2 );\"><div class=\"fusion-layout-column fusion_builder_column fusion-builder-column-0 fusion_builder_column_1_1 1_1 fusion-flex-column\" style=\"--awb-bg-size:cover;--awb-width-large:100%;--awb-margin-top-large:0px;--awb-spacing-right-large:0px;--awb-margin-bottom-large:20px;--awb-spacing-left-large:0px;--awb-width-medium:100%;--awb-spacing-right-medium:0px;--awb-spacing-left-medium:0px;--awb-width-small:100%;--awb-spacing-right-small:0px;--awb-spacing-left-small:0px;\"><div class=\"fusion-column-wrapper fusion-column-has-shadow fusion-flex-justify-content-flex-start fusion-content-layout-column\"><div class=\"fusion-title title fusion-title-1 fusion-sep-none fusion-title-text fusion-title-size-one\"><h1 class=\"fusion-title-heading title-heading-left fusion-responsive-typography-calculated\" style=\"margin:0;--fontSize:28;line-height:1.4;\">migration:plus im Dialog<\/h1><\/div><div class=\"fusion-text fusion-text-1\"><p>La promotion du dialogue entre les professionnels de la migration est particuli\u00e8rement importante pour nous. Nous encourageons l&rsquo;\u00e9change d&rsquo;id\u00e9es et d&rsquo;informations par des conf\u00e9rences r\u00e9guli\u00e8res, des cours de formation continue, des pr\u00e9sentations et d&rsquo;autres \u00e9v\u00e9nements passionnants. Vous trouverez ici nos prochains \u00e9v\u00e9nements ainsi que des impressions et des informations sur les derni\u00e8res conf\u00e9rences, pr\u00e9sentations et c\u00e9l\u00e9brations de dipl\u00f4mes.<\/p>\n<\/div><\/div><\/div><\/div><\/div><div class=\"fusion-fullwidth fullwidth-box fusion-builder-row-2 fusion-flex-container nonhundred-percent-fullwidth non-hundred-percent-height-scrolling\" style=\"--awb-border-radius-top-left:0px;--awb-border-radius-top-right:0px;--awb-border-radius-bottom-right:0px;--awb-border-radius-bottom-left:0px;--awb-flex-wrap:wrap;\" ><div class=\"fusion-builder-row fusion-row fusion-flex-align-items-flex-start fusion-flex-content-wrap\" style=\"max-width:calc( 1100px + 0px );margin-left: calc(-0px \/ 2 );margin-right: calc(-0px \/ 2 );\"><div class=\"fusion-layout-column fusion_builder_column fusion-builder-column-1 fusion_builder_column_1_1 1_1 fusion-flex-column\" style=\"--awb-bg-size:cover;--awb-width-large:100%;--awb-margin-top-large:0px;--awb-spacing-right-large:0px;--awb-margin-bottom-large:20px;--awb-spacing-left-large:0px;--awb-width-medium:100%;--awb-spacing-right-medium:0px;--awb-spacing-left-medium:0px;--awb-width-small:100%;--awb-spacing-right-small:0px;--awb-spacing-left-small:0px;\"><div class=\"fusion-column-wrapper fusion-column-has-shadow fusion-flex-justify-content-flex-start fusion-content-layout-column\"><div class=\"fusion-recent-posts fusion-recent-posts-1 avada-container layout-default layout-columns-3 fusion-recent-posts-center fusion-recent-posts-infinite\" data-pages=\"4\"><section class=\"fusion-columns columns fusion-columns-3 columns-3\"><article class=\"post fusion-column column col col-lg-4 col-md-4 col-sm-4\"><div class=\"fusion-flexslider fusion-flexslider-loading flexslider flexslider-hover-type-none\"><ul class=\"slides\"><li><a href=\"https:\/\/migrationplus.ch\/fr\/3-fevrier-2026-avenir-pour-les-specialistes-en-migration\/\" aria-label=\"3 f\u00e9vrier 2026 | Avenir pour les sp\u00e9cialistes en migration\" class=\"hover-type-none\"><img decoding=\"async\" width=\"678\" height=\"441\" src=\"data:image\/svg+xml,%3Csvg%20xmlns%3D%27http%3A%2F%2Fwww.w3.org%2F2000%2Fsvg%27%20width%3D%27678%27%20height%3D%27955%27%20viewBox%3D%270%200%20678%20955%27%3E%3Crect%20width%3D%27678%27%20height%3D%27955%27%20fill-opacity%3D%220%22%2F%3E%3C%2Fsvg%3E\" class=\"attachment-recent-posts size-recent-posts lazyload\" alt=\"Invitation-2026\" data-orig-src=\"https:\/\/migrationplus.ch\/wp-content\/uploads\/Invitation-2026-2-678x441.jpg\" \/><\/a><\/li><\/ul><\/div><div class=\"recent-posts-content\"><span class=\"vcard\" style=\"display: none;\"><span class=\"fn\"><a href=\"https:\/\/migrationplus.ch\/fr\/author\/habakuk\/\" title=\"Articles par Migration Plus\" rel=\"author\">Migration Plus<\/a><\/span><\/span><span class=\"updated\" style=\"display:none;\">2026-01-22T22:58:41+01:00<\/span><h4 class=\"entry-title\"><a href=\"https:\/\/migrationplus.ch\/fr\/3-fevrier-2026-avenir-pour-les-specialistes-en-migration\/\">3 f\u00e9vrier 2026 | Avenir pour les sp\u00e9cialistes en migration<\/a><\/h4><p>Save the date D\u00e9couvre les parcours professionnels et les r\u00e9ussites<a href=\"https:\/\/migrationplus.ch\/fr\/3-fevrier-2026-avenir-pour-les-specialistes-en-migration\/\"> [...]<\/a><\/p><\/div><\/article><article class=\"post fusion-column column col col-lg-4 col-md-4 col-sm-4\"><div class=\"fusion-flexslider fusion-flexslider-loading flexslider flexslider-hover-type-none\"><ul class=\"slides\"><li><a href=\"https:\/\/migrationplus.ch\/fr\/12eme-assemblee-generale-jeudi-20-juin-2024-de-16h30-a-18h15\/\" aria-label=\"12\u00e8me Assembl\u00e9e G\u00e9n\u00e9rale, jeudi 20 juin 2024 de 16h30 \u00e0 18h15\" class=\"hover-type-none\"><img decoding=\"async\" width=\"700\" height=\"150\" src=\"data:image\/svg+xml,%3Csvg%20xmlns%3D%27http%3A%2F%2Fwww.w3.org%2F2000%2Fsvg%27%20width%3D%27907%27%20height%3D%27150%27%20viewBox%3D%270%200%20907%20150%27%3E%3Crect%20width%3D%27907%27%20height%3D%27150%27%20fill-opacity%3D%220%22%2F%3E%3C%2Fsvg%3E\" class=\"attachment-recent-posts size-recent-posts lazyload\" alt=\"\" data-orig-src=\"https:\/\/migrationplus.ch\/wp-content\/uploads\/header_background_150-700x150.png\" \/><\/a><\/li><\/ul><\/div><div class=\"recent-posts-content\"><span class=\"vcard\" style=\"display: none;\"><span class=\"fn\"><a href=\"https:\/\/migrationplus.ch\/fr\/author\/migrationplus\/\" title=\"Articles par migrationplus\" rel=\"author\">migrationplus<\/a><\/span><\/span><span class=\"updated\" style=\"display:none;\">2024-06-03T17:22:58+02:00<\/span><h4 class=\"entry-title\"><a href=\"https:\/\/migrationplus.ch\/fr\/12eme-assemblee-generale-jeudi-20-juin-2024-de-16h30-a-18h15\/\">12\u00e8me Assembl\u00e9e G\u00e9n\u00e9rale, jeudi 20 juin 2024 de 16h30 \u00e0 18h15<\/a><\/h4><p>Mesdames et Messieurs, Cher-e-s coll\u00e8gues, Au nom du comit\u00e9, j\u2019ai<a href=\"https:\/\/migrationplus.ch\/fr\/12eme-assemblee-generale-jeudi-20-juin-2024-de-16h30-a-18h15\/\"> [...]<\/a><\/p><\/div><\/article><article class=\"post fusion-column column col col-lg-4 col-md-4 col-sm-4\"><div class=\"fusion-flexslider fusion-flexslider-loading flexslider flexslider-hover-type-none\"><ul class=\"slides\"><li><a href=\"https:\/\/migrationplus.ch\/fr\/online-event-07-mars-2024-economiser-lenergie-un-sujet-pour-les-migrant%c2%b7e%c2%b7s\/\" aria-label=\"Online-Event 27. mai 2024 \u00ab\u00a0\u00c9CONOMISER l\u2019\u00c9NERGIE \u2013 UN SUJET POUR LES MIGRANt\u00b7E\u00b7S\u00a0?\u00a0\u00bb\" class=\"hover-type-none\"><img decoding=\"async\" width=\"416\" height=\"250\" src=\"https:\/\/migrationplus.ch\/wp-content\/uploads\/FV-2.png\" class=\"attachment-recent-posts size-recent-posts lazyload\" alt=\"\" srcset=\"data:image\/svg+xml,%3Csvg%20xmlns%3D%27http%3A%2F%2Fwww.w3.org%2F2000%2Fsvg%27%20width%3D%27416%27%20height%3D%27250%27%20viewBox%3D%270%200%20416%20250%27%3E%3Crect%20width%3D%27416%27%20height%3D%27250%27%20fill-opacity%3D%220%22%2F%3E%3C%2Fsvg%3E\" data-orig-src=\"https:\/\/migrationplus.ch\/wp-content\/uploads\/FV-2.png\" data-srcset=\"https:\/\/migrationplus.ch\/wp-content\/uploads\/FV-2-200x120.png 200w, https:\/\/migrationplus.ch\/wp-content\/uploads\/FV-2-300x180.png 300w, https:\/\/migrationplus.ch\/wp-content\/uploads\/FV-2-400x240.png 400w, https:\/\/migrationplus.ch\/wp-content\/uploads\/FV-2.png 416w\" data-sizes=\"auto\" \/><\/a><\/li><\/ul><\/div><div class=\"recent-posts-content\"><span class=\"vcard\" style=\"display: none;\"><span class=\"fn\"><a href=\"https:\/\/migrationplus.ch\/fr\/author\/migrationplus\/\" title=\"Articles par migrationplus\" rel=\"author\">migrationplus<\/a><\/span><\/span><span class=\"updated\" style=\"display:none;\">2024-05-06T16:51:14+02:00<\/span><h4 class=\"entry-title\"><a href=\"https:\/\/migrationplus.ch\/fr\/online-event-07-mars-2024-economiser-lenergie-un-sujet-pour-les-migrant%c2%b7e%c2%b7s\/\">Online-Event 27. mai 2024 \u00ab\u00a0\u00c9CONOMISER l\u2019\u00c9NERGIE \u2013 UN SUJET POUR LES MIGRANt\u00b7E\u00b7S\u00a0?\u00a0\u00bb<\/a><\/h4><p>\u00c9CONOMISER l\u2019\u00c9NERGIE \u2013 UN SUJET POUR LES MIGRANt\u00b7E\u00b7S\u00a0? Pour atteindre<a href=\"https:\/\/migrationplus.ch\/fr\/online-event-07-mars-2024-economiser-lenergie-un-sujet-pour-les-migrant%c2%b7e%c2%b7s\/\"> [...]<\/a><\/p><\/div><\/article><article class=\"post fusion-column column col col-lg-4 col-md-4 col-sm-4\"><div class=\"fusion-flexslider fusion-flexslider-loading flexslider flexslider-hover-type-none\"><ul class=\"slides\"><li><a href=\"https:\/\/migrationplus.ch\/fr\/23-juin-2023-ceremonie-de-certification-de-lexamen-professionnel-de-specialiste-de-la-migration\/\" aria-label=\"23 juin 2023: C\u00e9r\u00e9monie de remise des brevets examens 2023\" class=\"hover-type-none\"><img decoding=\"async\" width=\"700\" height=\"441\" src=\"https:\/\/migrationplus.ch\/wp-content\/uploads\/L1010872-700x441.jpg\" class=\"attachment-recent-posts size-recent-posts lazyload\" alt=\"\" srcset=\"data:image\/svg+xml,%3Csvg%20xmlns%3D%27http%3A%2F%2Fwww.w3.org%2F2000%2Fsvg%27%20width%3D%271920%27%20height%3D%271021%27%20viewBox%3D%270%200%201920%201021%27%3E%3Crect%20width%3D%271920%27%20height%3D%271021%27%20fill-opacity%3D%220%22%2F%3E%3C%2Fsvg%3E\" data-orig-src=\"https:\/\/migrationplus.ch\/wp-content\/uploads\/L1010872-700x441.jpg\" data-srcset=\"https:\/\/migrationplus.ch\/wp-content\/uploads\/L1010872-320x202.jpg 320w, https:\/\/migrationplus.ch\/wp-content\/uploads\/L1010872-700x441.jpg 700w\" data-sizes=\"auto\" \/><\/a><\/li><li><a href=\"https:\/\/migrationplus.ch\/fr\/23-juin-2023-ceremonie-de-certification-de-lexamen-professionnel-de-specialiste-de-la-migration\/\" aria-label=\"23 juin 2023: C\u00e9r\u00e9monie de remise des brevets examens 2023\" class=\"hover-type-none\"><img decoding=\"async\" width=\"700\" height=\"441\" src=\"https:\/\/migrationplus.ch\/wp-content\/uploads\/L1010869-700x441.jpg\" class=\"attachment-recent-posts size-recent-posts lazyload\" alt=\"\" srcset=\"data:image\/svg+xml,%3Csvg%20xmlns%3D%27http%3A%2F%2Fwww.w3.org%2F2000%2Fsvg%27%20width%3D%271920%27%20height%3D%27974%27%20viewBox%3D%270%200%201920%20974%27%3E%3Crect%20width%3D%271920%27%20height%3D%27974%27%20fill-opacity%3D%220%22%2F%3E%3C%2Fsvg%3E\" data-orig-src=\"https:\/\/migrationplus.ch\/wp-content\/uploads\/L1010869-700x441.jpg\" data-srcset=\"https:\/\/migrationplus.ch\/wp-content\/uploads\/L1010869-320x202.jpg 320w, https:\/\/migrationplus.ch\/wp-content\/uploads\/L1010869-700x441.jpg 700w\" data-sizes=\"auto\" \/><\/a><\/li><li><a href=\"https:\/\/migrationplus.ch\/fr\/23-juin-2023-ceremonie-de-certification-de-lexamen-professionnel-de-specialiste-de-la-migration\/\" aria-label=\"23 juin 2023: C\u00e9r\u00e9monie de remise des brevets examens 2023\" class=\"hover-type-none\"><img decoding=\"async\" width=\"700\" height=\"441\" src=\"https:\/\/migrationplus.ch\/wp-content\/uploads\/L1010867-700x441.jpg\" class=\"attachment-recent-posts size-recent-posts lazyload\" alt=\"\" srcset=\"data:image\/svg+xml,%3Csvg%20xmlns%3D%27http%3A%2F%2Fwww.w3.org%2F2000%2Fsvg%27%20width%3D%271920%27%20height%3D%271523%27%20viewBox%3D%270%200%201920%201523%27%3E%3Crect%20width%3D%271920%27%20height%3D%271523%27%20fill-opacity%3D%220%22%2F%3E%3C%2Fsvg%3E\" data-orig-src=\"https:\/\/migrationplus.ch\/wp-content\/uploads\/L1010867-700x441.jpg\" data-srcset=\"https:\/\/migrationplus.ch\/wp-content\/uploads\/L1010867-320x202.jpg 320w, https:\/\/migrationplus.ch\/wp-content\/uploads\/L1010867-700x441.jpg 700w\" data-sizes=\"auto\" \/><\/a><\/li><li><a href=\"https:\/\/migrationplus.ch\/fr\/23-juin-2023-ceremonie-de-certification-de-lexamen-professionnel-de-specialiste-de-la-migration\/\" aria-label=\"23 juin 2023: C\u00e9r\u00e9monie de remise des brevets examens 2023\" class=\"hover-type-none\"><img decoding=\"async\" width=\"700\" height=\"441\" src=\"https:\/\/migrationplus.ch\/wp-content\/uploads\/IMG-20230627-WA0008-700x441.jpg\" class=\"attachment-recent-posts size-recent-posts lazyload\" alt=\"\" srcset=\"data:image\/svg+xml,%3Csvg%20xmlns%3D%27http%3A%2F%2Fwww.w3.org%2F2000%2Fsvg%27%20width%3D%271920%27%20height%3D%271440%27%20viewBox%3D%270%200%201920%201440%27%3E%3Crect%20width%3D%271920%27%20height%3D%271440%27%20fill-opacity%3D%220%22%2F%3E%3C%2Fsvg%3E\" data-orig-src=\"https:\/\/migrationplus.ch\/wp-content\/uploads\/IMG-20230627-WA0008-700x441.jpg\" data-srcset=\"https:\/\/migrationplus.ch\/wp-content\/uploads\/IMG-20230627-WA0008-320x202.jpg 320w, https:\/\/migrationplus.ch\/wp-content\/uploads\/IMG-20230627-WA0008-700x441.jpg 700w\" data-sizes=\"auto\" \/><\/a><\/li><li><a href=\"https:\/\/migrationplus.ch\/fr\/23-juin-2023-ceremonie-de-certification-de-lexamen-professionnel-de-specialiste-de-la-migration\/\" aria-label=\"23 juin 2023: C\u00e9r\u00e9monie de remise des brevets examens 2023\" class=\"hover-type-none\"><img decoding=\"async\" width=\"700\" height=\"441\" src=\"https:\/\/migrationplus.ch\/wp-content\/uploads\/IMG-20230627-WA0007-700x441.jpg\" class=\"attachment-recent-posts size-recent-posts lazyload\" alt=\"\" srcset=\"data:image\/svg+xml,%3Csvg%20xmlns%3D%27http%3A%2F%2Fwww.w3.org%2F2000%2Fsvg%27%20width%3D%271920%27%20height%3D%271440%27%20viewBox%3D%270%200%201920%201440%27%3E%3Crect%20width%3D%271920%27%20height%3D%271440%27%20fill-opacity%3D%220%22%2F%3E%3C%2Fsvg%3E\" data-orig-src=\"https:\/\/migrationplus.ch\/wp-content\/uploads\/IMG-20230627-WA0007-700x441.jpg\" data-srcset=\"https:\/\/migrationplus.ch\/wp-content\/uploads\/IMG-20230627-WA0007-320x202.jpg 320w, https:\/\/migrationplus.ch\/wp-content\/uploads\/IMG-20230627-WA0007-700x441.jpg 700w\" data-sizes=\"auto\" \/><\/a><\/li><li><a href=\"https:\/\/migrationplus.ch\/fr\/23-juin-2023-ceremonie-de-certification-de-lexamen-professionnel-de-specialiste-de-la-migration\/\" aria-label=\"23 juin 2023: C\u00e9r\u00e9monie de remise des brevets examens 2023\" class=\"hover-type-none\"><img decoding=\"async\" width=\"700\" height=\"441\" src=\"https:\/\/migrationplus.ch\/wp-content\/uploads\/IMG-20230627-WA0012-700x441.jpg\" class=\"attachment-recent-posts size-recent-posts lazyload\" alt=\"\" srcset=\"data:image\/svg+xml,%3Csvg%20xmlns%3D%27http%3A%2F%2Fwww.w3.org%2F2000%2Fsvg%27%20width%3D%271920%27%20height%3D%271440%27%20viewBox%3D%270%200%201920%201440%27%3E%3Crect%20width%3D%271920%27%20height%3D%271440%27%20fill-opacity%3D%220%22%2F%3E%3C%2Fsvg%3E\" data-orig-src=\"https:\/\/migrationplus.ch\/wp-content\/uploads\/IMG-20230627-WA0012-700x441.jpg\" data-srcset=\"https:\/\/migrationplus.ch\/wp-content\/uploads\/IMG-20230627-WA0012-320x202.jpg 320w, https:\/\/migrationplus.ch\/wp-content\/uploads\/IMG-20230627-WA0012-700x441.jpg 700w\" data-sizes=\"auto\" \/><\/a><\/li><li><a href=\"https:\/\/migrationplus.ch\/fr\/23-juin-2023-ceremonie-de-certification-de-lexamen-professionnel-de-specialiste-de-la-migration\/\" aria-label=\"23 juin 2023: C\u00e9r\u00e9monie de remise des brevets examens 2023\" class=\"hover-type-none\"><img decoding=\"async\" width=\"700\" height=\"441\" src=\"https:\/\/migrationplus.ch\/wp-content\/uploads\/IMG-20230627-WA0006-700x441.jpg\" class=\"attachment-recent-posts size-recent-posts lazyload\" alt=\"\" srcset=\"data:image\/svg+xml,%3Csvg%20xmlns%3D%27http%3A%2F%2Fwww.w3.org%2F2000%2Fsvg%27%20width%3D%271920%27%20height%3D%271440%27%20viewBox%3D%270%200%201920%201440%27%3E%3Crect%20width%3D%271920%27%20height%3D%271440%27%20fill-opacity%3D%220%22%2F%3E%3C%2Fsvg%3E\" data-orig-src=\"https:\/\/migrationplus.ch\/wp-content\/uploads\/IMG-20230627-WA0006-700x441.jpg\" data-srcset=\"https:\/\/migrationplus.ch\/wp-content\/uploads\/IMG-20230627-WA0006-320x202.jpg 320w, https:\/\/migrationplus.ch\/wp-content\/uploads\/IMG-20230627-WA0006-700x441.jpg 700w\" data-sizes=\"auto\" \/><\/a><\/li><\/ul><\/div><div class=\"recent-posts-content\"><span class=\"vcard\" style=\"display: none;\"><span class=\"fn\"><a href=\"https:\/\/migrationplus.ch\/fr\/author\/migrationplus\/\" title=\"Articles par migrationplus\" rel=\"author\">migrationplus<\/a><\/span><\/span><span class=\"updated\" style=\"display:none;\">2023-08-08T14:43:29+02:00<\/span><h4 class=\"entry-title\"><a href=\"https:\/\/migrationplus.ch\/fr\/23-juin-2023-ceremonie-de-certification-de-lexamen-professionnel-de-specialiste-de-la-migration\/\">23 juin 2023: C\u00e9r\u00e9monie de remise des brevets examens 2023<\/a><\/h4><p>23 juin 2023 : C\u00e9r\u00e9monie de remise des brevets examens<a href=\"https:\/\/migrationplus.ch\/fr\/23-juin-2023-ceremonie-de-certification-de-lexamen-professionnel-de-specialiste-de-la-migration\/\"> [...]<\/a><\/p><\/div><\/article><article class=\"post fusion-column column col col-lg-4 col-md-4 col-sm-4\"><div class=\"fusion-flexslider fusion-flexslider-loading flexslider flexslider-hover-type-none\"><ul class=\"slides\"><li><a href=\"https:\/\/migrationplus.ch\/fr\/fachveranstaltung-trauma-trigger-lesen-menschen-mit-posttraumatischen-belastungsstoerung-begleiten-14-09-2023-in-bern\/\" aria-label=\"Fachveranstaltung \u00ab\u00a0Trauma-Trigger lesen &#8211; Menschen mit posttraumatischen Belastungsst\u00f6rung begleiten\u00a0\u00bb 14.09.2023 in Bern\" class=\"hover-type-none\"><img decoding=\"async\" width=\"439\" height=\"206\" src=\"https:\/\/migrationplus.ch\/wp-content\/uploads\/BILD-INPUT.png\" class=\"attachment-recent-posts size-recent-posts lazyload\" alt=\"\" srcset=\"data:image\/svg+xml,%3Csvg%20xmlns%3D%27http%3A%2F%2Fwww.w3.org%2F2000%2Fsvg%27%20width%3D%27439%27%20height%3D%27206%27%20viewBox%3D%270%200%20439%20206%27%3E%3Crect%20width%3D%27439%27%20height%3D%27206%27%20fill-opacity%3D%220%22%2F%3E%3C%2Fsvg%3E\" data-orig-src=\"https:\/\/migrationplus.ch\/wp-content\/uploads\/BILD-INPUT.png\" data-srcset=\"https:\/\/migrationplus.ch\/wp-content\/uploads\/BILD-INPUT-200x94.png 200w, https:\/\/migrationplus.ch\/wp-content\/uploads\/BILD-INPUT-300x141.png 300w, https:\/\/migrationplus.ch\/wp-content\/uploads\/BILD-INPUT-400x188.png 400w, https:\/\/migrationplus.ch\/wp-content\/uploads\/BILD-INPUT.png 439w\" data-sizes=\"auto\" \/><\/a><\/li><\/ul><\/div><div class=\"recent-posts-content\"><span class=\"vcard\" style=\"display: none;\"><span class=\"fn\"><a href=\"https:\/\/migrationplus.ch\/fr\/author\/migrationplus\/\" title=\"Articles par migrationplus\" rel=\"author\">migrationplus<\/a><\/span><\/span><span class=\"updated\" style=\"display:none;\">2023-06-26T13:30:39+02:00<\/span><h4 class=\"entry-title\"><a href=\"https:\/\/migrationplus.ch\/fr\/fachveranstaltung-trauma-trigger-lesen-menschen-mit-posttraumatischen-belastungsstoerung-begleiten-14-09-2023-in-bern\/\">Fachveranstaltung \u00ab\u00a0Trauma-Trigger lesen &#8211; Menschen mit posttraumatischen Belastungsst\u00f6rung begleiten\u00a0\u00bb 14.09.2023 in Bern<\/a><\/h4><p>Traduction fran\u00e7aise disponible sur demande TRAUMA-TRIGGER LESEN - MENSCHEN MIT<a href=\"https:\/\/migrationplus.ch\/fr\/fachveranstaltung-trauma-trigger-lesen-menschen-mit-posttraumatischen-belastungsstoerung-begleiten-14-09-2023-in-bern\/\"> [...]<\/a><\/p><\/div><\/article><article class=\"post fusion-column column col col-lg-4 col-md-4 col-sm-4\"><div class=\"fusion-flexslider fusion-flexslider-loading flexslider flexslider-hover-type-none\"><ul class=\"slides\"><li><a href=\"https:\/\/migrationplus.ch\/fr\/invitation-a-la-11eme-assemblee-generale-mardi-20-juin-2023-de-17h00-a-18h30-a-olten\/\" aria-label=\"Rapport annuel Assembl\u00e9e G\u00e9n\u00e9rale, 20 juin 2023\" class=\"hover-type-none\"><img decoding=\"async\" width=\"700\" height=\"250\" src=\"data:image\/svg+xml,%3Csvg%20xmlns%3D%27http%3A%2F%2Fwww.w3.org%2F2000%2Fsvg%27%20width%3D%271511%27%20height%3D%27250%27%20viewBox%3D%270%200%201511%20250%27%3E%3Crect%20width%3D%271511%27%20height%3D%27250%27%20fill-opacity%3D%220%22%2F%3E%3C%2Fsvg%3E\" class=\"attachment-recent-posts size-recent-posts lazyload\" alt=\"\" data-orig-src=\"https:\/\/migrationplus.ch\/wp-content\/uploads\/header_background_250-700x250.png\" \/><\/a><\/li><\/ul><\/div><div class=\"recent-posts-content\"><span class=\"vcard\" style=\"display: none;\"><span class=\"fn\"><a href=\"https:\/\/migrationplus.ch\/fr\/author\/migrationplus\/\" title=\"Articles par migrationplus\" rel=\"author\">migrationplus<\/a><\/span><\/span><span class=\"updated\" style=\"display:none;\">2023-06-26T13:25:42+02:00<\/span><h4 class=\"entry-title\"><a href=\"https:\/\/migrationplus.ch\/fr\/invitation-a-la-11eme-assemblee-generale-mardi-20-juin-2023-de-17h00-a-18h30-a-olten\/\">Rapport annuel Assembl\u00e9e G\u00e9n\u00e9rale, 20 juin 2023<\/a><\/h4><p>Rapport annuel migrationplus 2022 2e examen professionnel selon le nouveau<a href=\"https:\/\/migrationplus.ch\/fr\/invitation-a-la-11eme-assemblee-generale-mardi-20-juin-2023-de-17h00-a-18h30-a-olten\/\"> [...]<\/a><\/p><\/div><\/article><article class=\"post fusion-column column col col-lg-4 col-md-4 col-sm-4\"><div class=\"fusion-flexslider fusion-flexslider-loading flexslider flexslider-hover-type-none\"><ul class=\"slides\"><li><a href=\"https:\/\/migrationplus.ch\/fr\/la-migration-du-travial-et-ses-consequences-mardi-23-mai-2023-a-bienne\/\" aria-label=\"\u00c9v\u00e8nement pour sp\u00e9cialistes 2023: La Migration du travail et ses cons\u00e9quences, Mardi, 23 mai 2023 \u00e0 Bienne\" class=\"hover-type-none\"><img decoding=\"async\" width=\"600\" height=\"400\" src=\"https:\/\/migrationplus.ch\/wp-content\/uploads\/HLyqALZ.jpg\" class=\"attachment-recent-posts size-recent-posts lazyload\" alt=\"\" srcset=\"data:image\/svg+xml,%3Csvg%20xmlns%3D%27http%3A%2F%2Fwww.w3.org%2F2000%2Fsvg%27%20width%3D%27600%27%20height%3D%27400%27%20viewBox%3D%270%200%20600%20400%27%3E%3Crect%20width%3D%27600%27%20height%3D%27400%27%20fill-opacity%3D%220%22%2F%3E%3C%2Fsvg%3E\" data-orig-src=\"https:\/\/migrationplus.ch\/wp-content\/uploads\/HLyqALZ.jpg\" data-srcset=\"https:\/\/migrationplus.ch\/wp-content\/uploads\/HLyqALZ-200x133.jpg 200w, https:\/\/migrationplus.ch\/wp-content\/uploads\/HLyqALZ-300x200.jpg 300w, https:\/\/migrationplus.ch\/wp-content\/uploads\/HLyqALZ-400x267.jpg 400w, https:\/\/migrationplus.ch\/wp-content\/uploads\/HLyqALZ.jpg 600w\" data-sizes=\"auto\" \/><\/a><\/li><\/ul><\/div><div class=\"recent-posts-content\"><span class=\"vcard\" style=\"display: none;\"><span class=\"fn\"><a href=\"https:\/\/migrationplus.ch\/fr\/author\/migrationplus\/\" title=\"Articles par migrationplus\" rel=\"author\">migrationplus<\/a><\/span><\/span><span class=\"updated\" style=\"display:none;\">2023-04-27T16:36:13+02:00<\/span><h4 class=\"entry-title\"><a href=\"https:\/\/migrationplus.ch\/fr\/la-migration-du-travial-et-ses-consequences-mardi-23-mai-2023-a-bienne\/\">\u00c9v\u00e8nement pour sp\u00e9cialistes 2023: La Migration du travail et ses cons\u00e9quences, Mardi, 23 mai 2023 \u00e0 Bienne<\/a><\/h4><p>La Migration du travail et ses cons\u00e9quences L'exposition \u00ab\u00a0Nous, saisonniers,<a href=\"https:\/\/migrationplus.ch\/fr\/la-migration-du-travial-et-ses-consequences-mardi-23-mai-2023-a-bienne\/\"> [...]<\/a><\/p><\/div><\/article><article class=\"post fusion-column column col col-lg-4 col-md-4 col-sm-4\"><div class=\"fusion-flexslider fusion-flexslider-loading flexslider flexslider-hover-type-none\"><ul class=\"slides\"><li><a href=\"https:\/\/migrationplus.ch\/fr\/24-juin-2022-ceremonie-de-certification-de-lexamen-professionnel-de-specialiste-de-la-migration\/\" aria-label=\"24 juin 2022 : C\u00e9r\u00e9monie de certification de l&rsquo;examen professionnel de sp\u00e9cialiste de la migration.\" class=\"hover-type-none\"><img decoding=\"async\" width=\"640\" height=\"441\" src=\"data:image\/svg+xml,%3Csvg%20xmlns%3D%27http%3A%2F%2Fwww.w3.org%2F2000%2Fsvg%27%20width%3D%27640%27%20height%3D%27480%27%20viewBox%3D%270%200%20640%20480%27%3E%3Crect%20width%3D%27640%27%20height%3D%27480%27%20fill-opacity%3D%220%22%2F%3E%3C%2Fsvg%3E\" class=\"attachment-recent-posts size-recent-posts lazyload\" alt=\"\" data-orig-src=\"https:\/\/migrationplus.ch\/wp-content\/uploads\/IMG_3035-640x441.jpg\" \/><\/a><\/li><li><a href=\"https:\/\/migrationplus.ch\/fr\/24-juin-2022-ceremonie-de-certification-de-lexamen-professionnel-de-specialiste-de-la-migration\/\" aria-label=\"24 juin 2022 : C\u00e9r\u00e9monie de certification de l&rsquo;examen professionnel de sp\u00e9cialiste de la migration.\" class=\"hover-type-none\"><img decoding=\"async\" width=\"640\" height=\"441\" src=\"data:image\/svg+xml,%3Csvg%20xmlns%3D%27http%3A%2F%2Fwww.w3.org%2F2000%2Fsvg%27%20width%3D%27640%27%20height%3D%27480%27%20viewBox%3D%270%200%20640%20480%27%3E%3Crect%20width%3D%27640%27%20height%3D%27480%27%20fill-opacity%3D%220%22%2F%3E%3C%2Fsvg%3E\" class=\"attachment-recent-posts size-recent-posts lazyload\" alt=\"\" data-orig-src=\"https:\/\/migrationplus.ch\/wp-content\/uploads\/IMG_3036-640x441.jpg\" \/><\/a><\/li><li><a href=\"https:\/\/migrationplus.ch\/fr\/24-juin-2022-ceremonie-de-certification-de-lexamen-professionnel-de-specialiste-de-la-migration\/\" aria-label=\"24 juin 2022 : C\u00e9r\u00e9monie de certification de l&rsquo;examen professionnel de sp\u00e9cialiste de la migration.\" class=\"hover-type-none\"><img decoding=\"async\" width=\"640\" height=\"441\" src=\"data:image\/svg+xml,%3Csvg%20xmlns%3D%27http%3A%2F%2Fwww.w3.org%2F2000%2Fsvg%27%20width%3D%27640%27%20height%3D%27480%27%20viewBox%3D%270%200%20640%20480%27%3E%3Crect%20width%3D%27640%27%20height%3D%27480%27%20fill-opacity%3D%220%22%2F%3E%3C%2Fsvg%3E\" class=\"attachment-recent-posts size-recent-posts lazyload\" alt=\"\" data-orig-src=\"https:\/\/migrationplus.ch\/wp-content\/uploads\/IMG_3043-640x441.jpg\" \/><\/a><\/li><li><a href=\"https:\/\/migrationplus.ch\/fr\/24-juin-2022-ceremonie-de-certification-de-lexamen-professionnel-de-specialiste-de-la-migration\/\" aria-label=\"24 juin 2022 : C\u00e9r\u00e9monie de certification de l&rsquo;examen professionnel de sp\u00e9cialiste de la migration.\" class=\"hover-type-none\"><img decoding=\"async\" width=\"640\" height=\"410\" src=\"https:\/\/migrationplus.ch\/wp-content\/uploads\/IMG_3039.jpg\" class=\"attachment-recent-posts size-recent-posts lazyload\" alt=\"\" srcset=\"data:image\/svg+xml,%3Csvg%20xmlns%3D%27http%3A%2F%2Fwww.w3.org%2F2000%2Fsvg%27%20width%3D%27640%27%20height%3D%27410%27%20viewBox%3D%270%200%20640%20410%27%3E%3Crect%20width%3D%27640%27%20height%3D%27410%27%20fill-opacity%3D%220%22%2F%3E%3C%2Fsvg%3E\" data-orig-src=\"https:\/\/migrationplus.ch\/wp-content\/uploads\/IMG_3039.jpg\" data-srcset=\"https:\/\/migrationplus.ch\/wp-content\/uploads\/IMG_3039-200x128.jpg 200w, https:\/\/migrationplus.ch\/wp-content\/uploads\/IMG_3039-300x192.jpg 300w, https:\/\/migrationplus.ch\/wp-content\/uploads\/IMG_3039-400x256.jpg 400w, https:\/\/migrationplus.ch\/wp-content\/uploads\/IMG_3039-600x384.jpg 600w, https:\/\/migrationplus.ch\/wp-content\/uploads\/IMG_3039.jpg 640w\" data-sizes=\"auto\" \/><\/a><\/li><li><a href=\"https:\/\/migrationplus.ch\/fr\/24-juin-2022-ceremonie-de-certification-de-lexamen-professionnel-de-specialiste-de-la-migration\/\" aria-label=\"24 juin 2022 : C\u00e9r\u00e9monie de certification de l&rsquo;examen professionnel de sp\u00e9cialiste de la migration.\" class=\"hover-type-none\"><img decoding=\"async\" width=\"640\" height=\"441\" src=\"data:image\/svg+xml,%3Csvg%20xmlns%3D%27http%3A%2F%2Fwww.w3.org%2F2000%2Fsvg%27%20width%3D%27640%27%20height%3D%27480%27%20viewBox%3D%270%200%20640%20480%27%3E%3Crect%20width%3D%27640%27%20height%3D%27480%27%20fill-opacity%3D%220%22%2F%3E%3C%2Fsvg%3E\" class=\"attachment-recent-posts size-recent-posts lazyload\" alt=\"\" data-orig-src=\"https:\/\/migrationplus.ch\/wp-content\/uploads\/IMG_3024-640x441.jpg\" \/><\/a><\/li><li><a href=\"https:\/\/migrationplus.ch\/fr\/24-juin-2022-ceremonie-de-certification-de-lexamen-professionnel-de-specialiste-de-la-migration\/\" aria-label=\"24 juin 2022 : C\u00e9r\u00e9monie de certification de l&rsquo;examen professionnel de sp\u00e9cialiste de la migration.\" class=\"hover-type-none\"><img decoding=\"async\" width=\"640\" height=\"313\" src=\"https:\/\/migrationplus.ch\/wp-content\/uploads\/IMG_3025.jpg\" class=\"attachment-recent-posts size-recent-posts lazyload\" alt=\"\" srcset=\"data:image\/svg+xml,%3Csvg%20xmlns%3D%27http%3A%2F%2Fwww.w3.org%2F2000%2Fsvg%27%20width%3D%27640%27%20height%3D%27313%27%20viewBox%3D%270%200%20640%20313%27%3E%3Crect%20width%3D%27640%27%20height%3D%27313%27%20fill-opacity%3D%220%22%2F%3E%3C%2Fsvg%3E\" data-orig-src=\"https:\/\/migrationplus.ch\/wp-content\/uploads\/IMG_3025.jpg\" data-srcset=\"https:\/\/migrationplus.ch\/wp-content\/uploads\/IMG_3025-200x98.jpg 200w, https:\/\/migrationplus.ch\/wp-content\/uploads\/IMG_3025-300x147.jpg 300w, https:\/\/migrationplus.ch\/wp-content\/uploads\/IMG_3025-400x196.jpg 400w, https:\/\/migrationplus.ch\/wp-content\/uploads\/IMG_3025-600x293.jpg 600w, https:\/\/migrationplus.ch\/wp-content\/uploads\/IMG_3025.jpg 640w\" data-sizes=\"auto\" \/><\/a><\/li><li><a href=\"https:\/\/migrationplus.ch\/fr\/24-juin-2022-ceremonie-de-certification-de-lexamen-professionnel-de-specialiste-de-la-migration\/\" aria-label=\"24 juin 2022 : C\u00e9r\u00e9monie de certification de l&rsquo;examen professionnel de sp\u00e9cialiste de la migration.\" class=\"hover-type-none\"><img decoding=\"async\" width=\"640\" height=\"441\" src=\"data:image\/svg+xml,%3Csvg%20xmlns%3D%27http%3A%2F%2Fwww.w3.org%2F2000%2Fsvg%27%20width%3D%27640%27%20height%3D%27480%27%20viewBox%3D%270%200%20640%20480%27%3E%3Crect%20width%3D%27640%27%20height%3D%27480%27%20fill-opacity%3D%220%22%2F%3E%3C%2Fsvg%3E\" class=\"attachment-recent-posts size-recent-posts lazyload\" alt=\"\" data-orig-src=\"https:\/\/migrationplus.ch\/wp-content\/uploads\/IMG_3023-640x441.jpg\" \/><\/a><\/li><\/ul><\/div><div class=\"recent-posts-content\"><span class=\"vcard\" style=\"display: none;\"><span class=\"fn\"><a href=\"https:\/\/migrationplus.ch\/fr\/author\/migrationplus\/\" title=\"Articles par migrationplus\" rel=\"author\">migrationplus<\/a><\/span><\/span><span class=\"updated\" style=\"display:none;\">2022-07-09T09:48:54+02:00<\/span><h4 class=\"entry-title\"><a href=\"https:\/\/migrationplus.ch\/fr\/24-juin-2022-ceremonie-de-certification-de-lexamen-professionnel-de-specialiste-de-la-migration\/\">24 juin 2022 : C\u00e9r\u00e9monie de certification de l&rsquo;examen professionnel de sp\u00e9cialiste de la migration.<\/a><\/h4><p>24 juin 2022 : C\u00e9r\u00e9monie de certification de l'examen professionnel<a href=\"https:\/\/migrationplus.ch\/fr\/24-juin-2022-ceremonie-de-certification-de-lexamen-professionnel-de-specialiste-de-la-migration\/\"> [...]<\/a><\/p><\/div><\/article><article class=\"post fusion-column column col col-lg-4 col-md-4 col-sm-4\"><div class=\"fusion-flexslider fusion-flexslider-loading flexslider flexslider-hover-type-none\"><ul class=\"slides\"><li><a href=\"https:\/\/migrationplus.ch\/fr\/programme-annuel-2022\/\" aria-label=\"Programme annuel 2022\" class=\"hover-type-none\"><img decoding=\"async\" width=\"700\" height=\"441\" src=\"https:\/\/migrationplus.ch\/wp-content\/uploads\/Bildschirmfoto-2020-01-24-um-16.36.04-700x441.png\" class=\"attachment-recent-posts size-recent-posts lazyload\" alt=\"\" srcset=\"data:image\/svg+xml,%3Csvg%20xmlns%3D%27http%3A%2F%2Fwww.w3.org%2F2000%2Fsvg%27%20width%3D%271144%27%20height%3D%27716%27%20viewBox%3D%270%200%201144%20716%27%3E%3Crect%20width%3D%271144%27%20height%3D%27716%27%20fill-opacity%3D%220%22%2F%3E%3C%2Fsvg%3E\" data-orig-src=\"https:\/\/migrationplus.ch\/wp-content\/uploads\/Bildschirmfoto-2020-01-24-um-16.36.04-700x441.png\" data-srcset=\"https:\/\/migrationplus.ch\/wp-content\/uploads\/Bildschirmfoto-2020-01-24-um-16.36.04-200x125.png 200w, https:\/\/migrationplus.ch\/wp-content\/uploads\/Bildschirmfoto-2020-01-24-um-16.36.04-300x188.png 300w, https:\/\/migrationplus.ch\/wp-content\/uploads\/Bildschirmfoto-2020-01-24-um-16.36.04-320x202.png 320w, https:\/\/migrationplus.ch\/wp-content\/uploads\/Bildschirmfoto-2020-01-24-um-16.36.04-700x441.png 700w\" data-sizes=\"auto\" \/><\/a><\/li><\/ul><\/div><div class=\"recent-posts-content\"><span class=\"vcard\" style=\"display: none;\"><span class=\"fn\"><a href=\"https:\/\/migrationplus.ch\/fr\/author\/migrationplus\/\" title=\"Articles par migrationplus\" rel=\"author\">migrationplus<\/a><\/span><\/span><span class=\"updated\" style=\"display:none;\">2022-03-09T14:45:19+01:00<\/span><h4 class=\"entry-title\"><a href=\"https:\/\/migrationplus.ch\/fr\/programme-annuel-2022\/\">Programme annuel 2022<\/a><\/h4><p>Nous sommes heureux de pouvoir vous pr\u00e9senter le programme annuel<a href=\"https:\/\/migrationplus.ch\/fr\/programme-annuel-2022\/\"> [...]<\/a><\/p><\/div><\/article><\/section><div class=\"fusion-infinite-scroll-trigger\"><\/div><div class=\"pagination infinite-scroll clearfix\" style=\"display:none;\"><span class=\"current\">1<\/span><a href=\"https:\/\/migrationplus.ch\/fr\/wp-json\/wp\/v2\/pages\/863\/page\/2\/\" class=\"inactive\">2<\/a><a class=\"pagination-next\" rel=\"next\" href=\"https:\/\/migrationplus.ch\/fr\/wp-json\/wp\/v2\/pages\/863\/page\/2\/\"><span class=\"page-text\">Next<\/span><span class=\"page-next\"><\/span><\/a><\/div><div class=\"fusion-clearfix\"><\/div><\/div><\/div><\/div><\/div><\/div><\/p>\n","protected":false},"excerpt":{"rendered":"","protected":false},"author":1,"featured_media":0,"parent":0,"menu_order":4,"comment_status":"closed","ping_status":"closed","template":"","meta":{"footnotes":""},"class_list":["post-863","page","type-page","status-publish","hentry"],"_links":{"self":[{"href":"https:\/\/migrationplus.ch\/fr\/wp-json\/wp\/v2\/pages\/863","targetHints":{"allow":["GET"]}}],"collection":[{"href":"https:\/\/migrationplus.ch\/fr\/wp-json\/wp\/v2\/pages"}],"about":[{"href":"https:\/\/migrationplus.ch\/fr\/wp-json\/wp\/v2\/types\/page"}],"author":[{"embeddable":true,"href":"https:\/\/migrationplus.ch\/fr\/wp-json\/wp\/v2\/users\/1"}],"replies":[{"embeddable":true,"href":"https:\/\/migrationplus.ch\/fr\/wp-json\/wp\/v2\/comments?post=863"}],"version-history":[{"count":8,"href":"https:\/\/migrationplus.ch\/fr\/wp-json\/wp\/v2\/pages\/863\/revisions"}],"predecessor-version":[{"id":1654,"href":"https:\/\/migrationplus.ch\/fr\/wp-json\/wp\/v2\/pages\/863\/revisions\/1654"}],"wp:attachment":[{"href":"https:\/\/migrationplus.ch\/fr\/wp-json\/wp\/v2\/media?parent=863"}],"curies":[{"name":"wp","href":"https:\/\/api.w.org\/{rel}","templated":true}]}}